{"id":1616,"date":"2014-06-24T23:00:37","date_gmt":"2014-06-24T23:00:37","guid":{"rendered":"https:\/\/test.buerger-cham.ch\/staging\/?page_id=1616"},"modified":"2020-05-11T16:41:57","modified_gmt":"2020-05-11T16:41:57","slug":"1616-2","status":"publish","type":"page","link":"https:\/\/buerger-cham.ch\/?page_id=1616","title":{"rendered":"24. Juni 2014"},"content":{"rendered":"<p>[et_pb_section fb_built=&#8220;1&#8243; _builder_version=&#8220;4.0.9&#8243;][et_pb_row _builder_version=&#8220;4.0.9&#8243;][et_pb_column type=&#8220;4_4&#8243; _builder_version=&#8220;4.0.9&#8243;][et_pb_text content_tablet=&#8220;&#8220; content_phone=&#8220;&#8220; content_last_edited=&#8220;on|phone&#8220; _builder_version=&#8220;4.0.9&#8243; text_text_color=&#8220;#000000&#8243; text_font_size=&#8220;25px&#8220; text_line_height=&#8220;1.8em&#8220; width=&#8220;100%&#8220;]<\/p>\n<p class=\"titel_groesser\">B\u00fcrgergemeinde heisst Budget 2015 gut<\/p>\n<p class=\"titel_groesser\">\n<p>[\/et_pb_text][\/et_pb_column][\/et_pb_row][et_pb_row _builder_version=&#8220;4.0.9&#8243;][et_pb_column type=&#8220;4_4&#8243; _builder_version=&#8220;4.0.9&#8243;][et_pb_text ol_position=&#8220;outside&#8220; ol_item_indent=&#8220;20px&#8220; _builder_version=&#8220;4.0.9&#8243; text_text_color=&#8220;#000000&#8243; text_font_size=&#8220;17px&#8220; ol_font_size=&#8220;17px&#8220; ol_line_height=&#8220;2.5em&#8220; hover_enabled=&#8220;0&#8243;]<\/p>\n<p><strong>B\u00fcrgergemeinde-Versammlung vom 24, Juni 2014<\/strong><\/p>\n<p>Nur wenige Gesch\u00e4fte hatte die B\u00fcrgergemeinde-Versammlung von Cham zu beraten: Trotzdem nahmen 86 Stimmberechtigte daran teil und stimmten den vier Gesch\u00e4ften in einer halben Stunde zu. Das Budget 2015 sieht einen \u00dcberschuss von rund 170&#8217;000 Franken vor \u2013 und dies, ohne Steuern zu erheben. Die gute Finanzlage, so B\u00fcrgerpr\u00e4sident Othmar Werder an der Versammlung, ist haupts\u00e4chlich auf die Einnahmen der Liegenschaften zur\u00fcckzuf\u00fchren.<\/p>\n<p>Auf grosses Interesse stiessen die Ausf\u00fchrungen von Stefan Hochuli, Leiter f\u00fcr Denkmalschutz und Arch\u00e4ologie, und Gishan Schaeren, Leiter der Abteilung Ur- und Fr\u00fchgeschichte. Sie informierten die B\u00fcrgerinnen und B\u00fcrger aus erster Hand \u00fcber die spannenden Grabungen im Alpenblick Cham. Sie erfuhren, dass drei Zuger Fundstellen zum UNESCO-Weltkulturerbe geh\u00f6ren. Sie sahen einen Plan von der Ausgrabungsst\u00e4tte mit \u00fcber 20 000 Punkten \u2013 ein jeder stellt einen Pfahl der, welcher in dieser sumpfigen Landschaft gefunden wurde. Und nahmen staunend zur Kenntnis, dass in diesem Gebiet Menschen w\u00e4hrend rund 5000 Jahren lebten, die einen reichen Fundus von Gegenst\u00e4nden zur\u00fcckliessen, die nun Aufschluss \u00fcber deren Leben geben.<\/p>\n<p>&nbsp;<\/p>\n<p class=\"1grundtext\">\u2013 Vorlage <span style=\"color: #dc143c;\"><a href=\"wp-content\/uploads\/2020\/05\/bgv_151215_vorlage.pdf\" style=\"color: #dc143c;\">download<\/a><\/span><br \/> \u2013 Protokoll <span style=\"color: #dc143c;\"><a href=\"wp-content\/uploads\/2020\/05\/bgv_140624.pdf\" style=\"color: #dc143c;\">download<\/a><\/span><\/p>\n<p>&nbsp;<\/p>\n<p class=\"1grundtext\">\n<p>[\/et_pb_text][\/et_pb_column][\/et_pb_row][\/et_pb_section]<\/p>\n","protected":false},"excerpt":{"rendered":"<p>B\u00fcrgergemeinde heisst Budget 2015 gut B\u00fcrgergemeinde-Versammlung vom 24, Juni 2014 Nur wenige Gesch\u00e4fte hatte die B\u00fcrgergemeinde-Versammlung von Cham zu beraten: Trotzdem nahmen 86 Stimmberechtigte daran teil und stimmten den vier Gesch\u00e4ften in einer halben Stunde zu. Das Budget 2015 sieht einen \u00dcberschuss von rund 170&#8217;000 Franken vor \u2013 und dies, ohne Steuern zu erheben. Die [&hellip;]<\/p>\n","protected":false},"author":1,"featured_media":0,"parent":0,"menu_order":0,"comment_status":"closed","ping_status":"closed","template":"","meta":{"_et_pb_use_builder":"on","_et_pb_old_content":"","_et_gb_content_width":"","footnotes":""},"_links":{"self":[{"href":"https:\/\/buerger-cham.ch\/index.php?rest_route=\/wp\/v2\/pages\/1616"}],"collection":[{"href":"https:\/\/buerger-cham.ch\/index.php?rest_route=\/wp\/v2\/pages"}],"about":[{"href":"https:\/\/buerger-cham.ch\/index.php?rest_route=\/wp\/v2\/types\/page"}],"author":[{"embeddable":true,"href":"https:\/\/buerger-cham.ch\/index.php?rest_route=\/wp\/v2\/users\/1"}],"replies":[{"embeddable":true,"href":"https:\/\/buerger-cham.ch\/index.php?rest_route=%2Fwp%2Fv2%2Fcomments&post=1616"}],"version-history":[{"count":3,"href":"https:\/\/buerger-cham.ch\/index.php?rest_route=\/wp\/v2\/pages\/1616\/revisions"}],"predecessor-version":[{"id":1627,"href":"https:\/\/buerger-cham.ch\/index.php?rest_route=\/wp\/v2\/pages\/1616\/revisions\/1627"}],"wp:attachment":[{"href":"https:\/\/buerger-cham.ch\/index.php?rest_route=%2Fwp%2Fv2%2Fmedia&parent=1616"}],"curies":[{"name":"wp","href":"https:\/\/api.w.org\/{rel}","templated":true}]}}